{"id":21,"date":"2017-12-09T14:42:36","date_gmt":"2017-12-09T13:42:36","guid":{"rendered":"http:\/\/wkldiana.pl\/index.php\/dla-czlonkow-kola\/czlonkowie-kola\/"},"modified":"2018-12-05T16:57:09","modified_gmt":"2018-12-05T15:57:09","slug":"czlonkowie-kola","status":"publish","type":"page","link":"http:\/\/wkldiana.pl\/index.php\/dla-czlonkow-kola\/czlonkowie-kola\/","title":{"rendered":"Cz\u0142onkowie Ko\u0142a"},"content":{"rendered":"","protected":true},"excerpt":{"rendered":"","protected":true},"author":1,"featured_media":0,"parent":19,"menu_order":8,"comment_status":"closed","ping_status":"closed","template":"","meta":{"ngg_post_thumbnail":0,"footnotes":""},"class_list":["post-21","page","type-page","status-publish","post-password-required","hentry"],"yoast_head":"<!-- This site is optimized with the Yoast SEO plugin v27.5 - https:\/\/yoast.com\/product\/yoast-seo-wordpress\/ -->\n<title>Cz\u0142onkowie Ko\u0142a - Wojskowe Ko\u0142o \u0141owieckie nr 297 &quot;Diana&quot; w Gdyni<\/title>\n<meta name=\"robots\" content=\"index, follow, max-snippet:-1, max-image-preview:large, max-video-preview:-1\" \/>\n<link rel=\"canonical\" href=\"https:\/\/wkldiana.pl\/index.php\/dla-czlonkow-kola\/czlonkowie-kola\/\" \/>\n<meta property=\"og:locale\" content=\"pl_PL\" \/>\n<meta property=\"og:type\" content=\"article\" \/>\n<meta property=\"og:title\" content=\"Cz\u0142onkowie Ko\u0142a - Wojskowe Ko\u0142o \u0141owieckie nr 297 &quot;Diana&quot; w Gdyni\" \/>\n<meta property=\"og:description\" content=\"Brak zajawki, poniewa\u017c wpis jest zabezpieczony has\u0142em.\" \/>\n<meta property=\"og:url\" content=\"https:\/\/wkldiana.pl\/index.php\/dla-czlonkow-kola\/czlonkowie-kola\/\" \/>\n<meta property=\"og:site_name\" content=\"Wojskowe Ko\u0142o \u0141owieckie nr 297 &quot;Diana&quot; w Gdyni\" \/>\n<meta property=\"article:modified_time\" content=\"2018-12-05T15:57:09+00:00\" \/>\n<meta name=\"twitter:card\" content=\"summary_large_image\" \/>\n<meta name=\"twitter:label1\" content=\"Szacowany czas czytania\" \/>\n\t<meta name=\"twitter:data1\" content=\"1 minuta\" \/>\n<script type=\"application\/ld+json\" class=\"yoast-schema-graph\">{\"@context\":\"https:\\\/\\\/schema.org\",\"@graph\":[{\"@type\":\"WebPage\",\"@id\":\"https:\\\/\\\/wkldiana.pl\\\/index.php\\\/dla-czlonkow-kola\\\/czlonkowie-kola\\\/\",\"url\":\"https:\\\/\\\/wkldiana.pl\\\/index.php\\\/dla-czlonkow-kola\\\/czlonkowie-kola\\\/\",\"name\":\"Cz\u0142onkowie Ko\u0142a - Wojskowe Ko\u0142o \u0141owieckie nr 297 &quot;Diana&quot; w Gdyni\",\"isPartOf\":{\"@id\":\"https:\\\/\\\/wkldiana.pl\\\/#website\"},\"datePublished\":\"2017-12-09T13:42:36+00:00\",\"dateModified\":\"2018-12-05T15:57:09+00:00\",\"breadcrumb\":{\"@id\":\"https:\\\/\\\/wkldiana.pl\\\/index.php\\\/dla-czlonkow-kola\\\/czlonkowie-kola\\\/#breadcrumb\"},\"inLanguage\":\"pl-PL\"},{\"@type\":\"WebSite\",\"@id\":\"https:\\\/\\\/wkldiana.pl\\\/#website\",\"url\":\"https:\\\/\\\/wkldiana.pl\\\/\",\"name\":\"Wojskowe Ko\u0142o \u0141owieckie nr 297 &quot;Diana&quot; w Gdyni\",\"description\":\"WK\u0141 nr 297 &quot;Diana&quot; w Gdyni\",\"potentialAction\":[{\"@type\":\"SearchAction\",\"target\":{\"@type\":\"EntryPoint\",\"urlTemplate\":\"https:\\\/\\\/wkldiana.pl\\\/?s={search_term_string}\"},\"query-input\":{\"@type\":\"PropertyValueSpecification\",\"valueRequired\":true,\"valueName\":\"search_term_string\"}}],\"inLanguage\":\"pl-PL\"}]}<\/script>\n<!-- \/ Yoast SEO plugin. -->","yoast_head_json":{"title":"Cz\u0142onkowie Ko\u0142a - Wojskowe Ko\u0142o \u0141owieckie nr 297 &quot;Diana&quot; w Gdyni","robots":{"index":"index","follow":"follow","max-snippet":"max-snippet:-1","max-image-preview":"max-image-preview:large","max-video-preview":"max-video-preview:-1"},"canonical":"https:\/\/wkldiana.pl\/index.php\/dla-czlonkow-kola\/czlonkowie-kola\/","og_locale":"pl_PL","og_type":"article","og_title":"Cz\u0142onkowie Ko\u0142a - Wojskowe Ko\u0142o \u0141owieckie nr 297 &quot;Diana&quot; w Gdyni","og_description":"Brak zajawki, poniewa\u017c wpis jest zabezpieczony has\u0142em.","og_url":"https:\/\/wkldiana.pl\/index.php\/dla-czlonkow-kola\/czlonkowie-kola\/","og_site_name":"Wojskowe Ko\u0142o \u0141owieckie nr 297 &quot;Diana&quot; w Gdyni","article_modified_time":"2018-12-05T15:57:09+00:00","twitter_card":"summary_large_image","twitter_misc":{"Szacowany czas czytania":"1 minuta"},"schema":{"@context":"https:\/\/schema.org","@graph":[{"@type":"WebPage","@id":"https:\/\/wkldiana.pl\/index.php\/dla-czlonkow-kola\/czlonkowie-kola\/","url":"https:\/\/wkldiana.pl\/index.php\/dla-czlonkow-kola\/czlonkowie-kola\/","name":"Cz\u0142onkowie Ko\u0142a - Wojskowe Ko\u0142o \u0141owieckie nr 297 &quot;Diana&quot; w Gdyni","isPartOf":{"@id":"https:\/\/wkldiana.pl\/#website"},"datePublished":"2017-12-09T13:42:36+00:00","dateModified":"2018-12-05T15:57:09+00:00","breadcrumb":{"@id":"https:\/\/wkldiana.pl\/index.php\/dla-czlonkow-kola\/czlonkowie-kola\/#breadcrumb"},"inLanguage":"pl-PL"},{"@type":"WebSite","@id":"https:\/\/wkldiana.pl\/#website","url":"https:\/\/wkldiana.pl\/","name":"Wojskowe Ko\u0142o \u0141owieckie nr 297 &quot;Diana&quot; w Gdyni","description":"WK\u0141 nr 297 &quot;Diana&quot; w Gdyni","potentialAction":[{"@type":"SearchAction","target":{"@type":"EntryPoint","urlTemplate":"https:\/\/wkldiana.pl\/?s={search_term_string}"},"query-input":{"@type":"PropertyValueSpecification","valueRequired":true,"valueName":"search_term_string"}}],"inLanguage":"pl-PL"}]}},"_links":{"self":[{"href":"http:\/\/wkldiana.pl\/index.php\/wp-json\/wp\/v2\/pages\/21","targetHints":{"allow":["GET"]}}],"collection":[{"href":"http:\/\/wkldiana.pl\/index.php\/wp-json\/wp\/v2\/pages"}],"about":[{"href":"http:\/\/wkldiana.pl\/index.php\/wp-json\/wp\/v2\/types\/page"}],"author":[{"embeddable":true,"href":"http:\/\/wkldiana.pl\/index.php\/wp-json\/wp\/v2\/users\/1"}],"replies":[{"embeddable":true,"href":"http:\/\/wkldiana.pl\/index.php\/wp-json\/wp\/v2\/comments?post=21"}],"version-history":[{"count":5,"href":"http:\/\/wkldiana.pl\/index.php\/wp-json\/wp\/v2\/pages\/21\/revisions"}],"predecessor-version":[{"id":1106,"href":"http:\/\/wkldiana.pl\/index.php\/wp-json\/wp\/v2\/pages\/21\/revisions\/1106"}],"up":[{"embeddable":true,"href":"http:\/\/wkldiana.pl\/index.php\/wp-json\/wp\/v2\/pages\/19"}],"wp:attachment":[{"href":"http:\/\/wkldiana.pl\/index.php\/wp-json\/wp\/v2\/media?parent=21"}],"curies":[{"name":"wp","href":"https:\/\/api.w.org\/{rel}","templated":true}]}}